{"id":20,"date":"2020-09-02T19:54:15","date_gmt":"2020-09-02T19:54:15","guid":{"rendered":"https:\/\/tymsi.com\/as\/?page_id=20"},"modified":"2020-09-30T13:09:19","modified_gmt":"2020-09-30T13:09:19","slug":"normativas","status":"publish","type":"page","link":"https:\/\/agenciasesnich.cl\/web\/normativas\/","title":{"rendered":"Normativas"},"content":{"rendered":"<p>[et_pb_section fb_built=&#8221;1&#8243; _builder_version=&#8221;4.6.0&#8243; _module_preset=&#8221;default&#8221;][et_pb_row _builder_version=&#8221;4.6.0&#8243; _module_preset=&#8221;default&#8221;][et_pb_column type=&#8221;4_4&#8243; _builder_version=&#8221;4.6.0&#8243; _module_preset=&#8221;default&#8221;][et_pb_text _builder_version=&#8221;4.6.0&#8243; _module_preset=&#8221;default&#8221; text_font=&#8221;Hind|700|||||||&#8221; text_text_color=&#8221;#3d425f&#8221; text_font_size=&#8221;42px&#8221; text_letter_spacing=&#8221;1px&#8221;]<\/p>\n<p style=\"text-align: center;\">Normativas<\/p>\n<p>[\/et_pb_text][et_pb_divider divider_weight=&#8221;10px&#8221; _builder_version=&#8221;4.6.1&#8243; _module_preset=&#8221;default&#8221;][\/et_pb_divider][\/et_pb_column][\/et_pb_row][et_pb_row _builder_version=&#8221;4.6.0&#8243; _module_preset=&#8221;default&#8221; custom_margin=&#8221;-26px|auto||auto||&#8221;][et_pb_column type=&#8221;4_4&#8243; _builder_version=&#8221;4.6.0&#8243; _module_preset=&#8221;default&#8221;][et_pb_text _builder_version=&#8221;4.6.1&#8243; _module_preset=&#8221;default&#8221; text_font=&#8221;Hind|500|||||||&#8221; text_font_size=&#8221;16px&#8221; hover_enabled=&#8221;0&#8243; sticky_enabled=&#8221;0&#8243;]<\/p>\n<p><a href=\"http:\/\/www.aduana.cl\/prontus_aduana\/site\/artic\/20070423\/pags\/20070423125943.html\"><strong>Fuente: aduana.cl<\/strong><\/a><\/p>\n<h3><strong>Compendio de Normas<\/strong><\/h3>\n<p><strong>Cap\u00edtulo 1:<\/strong><br \/> <span style=\"text-decoration: underline;\"><strong><a href=\"https:\/\/www.aduana.cl\/capitulo-1-normas-generales\/aduana\/2007-02-15\/151856.html\">Normas generales<\/a><\/strong><\/span><\/p>\n<p><strong>Cap\u00edtulo 2:\u00a0<\/strong><br \/> <span style=\"text-decoration: underline;\"><strong><a href=\"https:\/\/www.aduana.cl\/capitulo-2-valoracion-de-las-mercancias\/aduana\/2007-02-15\/153316.html\">Valoraci\u00f3n en Aduana de las Mercanc\u00edas<\/a><\/strong><\/span><\/p>\n<p><strong>Cap\u00edtulo 3:\u00a0<\/strong><br \/> <span style=\"text-decoration: underline;\"><strong><a href=\"https:\/\/www.aduana.cl\/capitulo-3-ingreso-de-mercancias\/aduana\/2007-02-16\/135454.html\">Ingreso de Mercanc\u00edas<\/a><\/strong><\/span><\/p>\n<p><strong>Cap\u00edtulo 4:<\/strong><br \/> <span style=\"text-decoration: underline;\"><strong><a href=\"https:\/\/www.aduana.cl\/capitulo-4-salida-de-mercancias\/aduana\/2007-02-16\/180251.html\">Salida de Mercanc\u00edas<\/a><\/strong><\/span><\/p>\n<p><strong>Cap\u00edtulo 5:\u00a0<\/strong><br \/> <span style=\"text-decoration: underline;\"><strong><a href=\"https:\/\/www.aduana.cl\/capitulo-5-anulacion-y-modificacion-o-aclaracion-de-las-declaraciones\/aduana\/2007-02-19\/104840.html\">Anulaci\u00f3n y Modificaci\u00f3n o Aclaraci\u00f3n de las Declaraciones.<\/a><\/strong><\/span><\/p>\n<p><strong>Cap\u00edtulo 6:\u00a0<\/strong><br \/> <span style=\"text-decoration: underline;\"><strong><a href=\"https:\/\/www.aduana.cl\/capitulo-6-subasta-aduanera-de-mercancias\/aduana\/2007-02-19\/113240.html\">Subasta Aduanera de Mercanc\u00edas<\/a><\/strong><\/span><\/p>\n<p><strong>Cap\u00edtulo 7:<\/strong><span style=\"text-decoration: underline;\"><strong><br \/> <a href=\"https:\/\/www.aduana.cl\/capitulo-7-mercancias-sujetas-a-despacho-especial\/aduana\/2016-11-22\/164057.html\"><span>Mercanc\u00edas sujetas de a Despacho Especial<\/span><\/a><\/strong><\/span><\/p>\n<p><strong>Compendio de Normas Aduaneras:<\/strong><br \/> <a href=\"https:\/\/www.aduana.cl\/anexos-compendio-de-normas-aduaneras\/aduana\/2007-02-20\/102819.html\"><span style=\"text-decoration: underline;\"><strong>Anexos<\/strong><\/span><\/a><\/p>\n<p>[\/et_pb_text][\/et_pb_column][\/et_pb_row][\/et_pb_section]<\/p>\n","protected":false},"excerpt":{"rendered":"<p>[et_pb_section fb_built=&#8221;1&#8243; _builder_version=&#8221;4.6.0&#8243; _module_preset=&#8221;default&#8221;][et_pb_row _builder_version=&#8221;4.6.0&#8243; _module_preset=&#8221;default&#8221;][et_pb_column type=&#8221;4_4&#8243; _builder_version=&#8221;4.6.0&#8243; _module_preset=&#8221;default&#8221;][et_pb_text _builder_version=&#8221;4.6.0&#8243; _module_preset=&#8221;default&#8221; text_font=&#8221;Hind|700|||||||&#8221; text_text_color=&#8221;#3d425f&#8221; text_font_size=&#8221;42px&#8221; text_letter_spacing=&#8221;1px&#8221;] Normativas [\/et_pb_text][et_pb_divider divider_weight=&#8221;10px&#8221; _builder_version=&#8221;4.6.1&#8243; _module_preset=&#8221;default&#8221;][\/et_pb_divider][\/et_pb_column][\/et_pb_row][et_pb_row _builder_version=&#8221;4.6.0&#8243; _module_preset=&#8221;default&#8221; custom_margin=&#8221;-26px|auto||auto||&#8221;][et_pb_column type=&#8221;4_4&#8243; _builder_version=&#8221;4.6.0&#8243; _module_preset=&#8221;default&#8221;][et_pb_text _builder_version=&#8221;4.6.1&#8243; _module_preset=&#8221;default&#8221; text_font=&#8221;Hind|500|||||||&#8221; text_font_size=&#8221;16px&#8221; hover_enabled=&#8221;0&#8243; sticky_enabled=&#8221;0&#8243;] Fuente: aduana.cl Compendio de Normas Cap\u00edtulo 1: Normas generales Cap\u00edtulo 2:\u00a0 Valoraci\u00f3n en Aduana de las Mercanc\u00edas Cap\u00edtulo 3:\u00a0 Ingreso de Mercanc\u00edas Cap\u00edtulo [&hellip;]<\/p>\n","protected":false},"author":1,"featured_media":0,"parent":0,"menu_order":0,"comment_status":"closed","ping_status":"closed","template":"","meta":{"_et_pb_use_builder":"on","_et_pb_old_content":"","_et_gb_content_width":""},"_links":{"self":[{"href":"https:\/\/agenciasesnich.cl\/web\/wp-json\/wp\/v2\/pages\/20"}],"collection":[{"href":"https:\/\/agenciasesnich.cl\/web\/wp-json\/wp\/v2\/pages"}],"about":[{"href":"https:\/\/agenciasesnich.cl\/web\/wp-json\/wp\/v2\/types\/page"}],"author":[{"embeddable":true,"href":"https:\/\/agenciasesnich.cl\/web\/wp-json\/wp\/v2\/users\/1"}],"replies":[{"embeddable":true,"href":"https:\/\/agenciasesnich.cl\/web\/wp-json\/wp\/v2\/comments?post=20"}],"version-history":[{"count":10,"href":"https:\/\/agenciasesnich.cl\/web\/wp-json\/wp\/v2\/pages\/20\/revisions"}],"predecessor-version":[{"id":977,"href":"https:\/\/agenciasesnich.cl\/web\/wp-json\/wp\/v2\/pages\/20\/revisions\/977"}],"wp:attachment":[{"href":"https:\/\/agenciasesnich.cl\/web\/wp-json\/wp\/v2\/media?parent=20"}],"curies":[{"name":"wp","href":"https:\/\/api.w.org\/{rel}","templated":true}]}}