{"id":22,"date":"2020-09-02T19:54:40","date_gmt":"2020-09-02T19:54:40","guid":{"rendered":"https:\/\/tymsi.com\/as\/?page_id=22"},"modified":"2022-12-21T19:18:47","modified_gmt":"2022-12-21T19:18:47","slug":"comunidad","status":"publish","type":"page","link":"https:\/\/agenciasesnich.cl\/web\/comunidad\/","title":{"rendered":"Comunidad"},"content":{"rendered":"<p>[et_pb_section fb_built=&#8221;1&#8243; _builder_version=&#8221;4.6.1&#8243; _module_preset=&#8221;default&#8221;][et_pb_row _builder_version=&#8221;4.6.1&#8243; _module_preset=&#8221;default&#8221;][et_pb_column type=&#8221;4_4&#8243; _builder_version=&#8221;4.6.1&#8243; _module_preset=&#8221;default&#8221;][et_pb_text _builder_version=&#8221;4.6.1&#8243; _module_preset=&#8221;default&#8221; text_font=&#8221;Hind|700|||||||&#8221; text_text_color=&#8221;#3d425f&#8221; text_font_size=&#8221;42px&#8221;]<\/p>\n<p style=\"text-align: center;\">Comunidad<\/p>\n<p>[\/et_pb_text][\/et_pb_column][\/et_pb_row][et_pb_row _builder_version=&#8221;4.6.1&#8243; _module_preset=&#8221;default&#8221; custom_padding=&#8221;||0px|||&#8221;][et_pb_column type=&#8221;4_4&#8243; _builder_version=&#8221;4.6.1&#8243; _module_preset=&#8221;default&#8221;][et_pb_divider divider_weight=&#8221;10px&#8221; _builder_version=&#8221;4.6.1&#8243; _module_preset=&#8221;default&#8221; custom_margin=&#8221;-28px|||||&#8221;][\/et_pb_divider][\/et_pb_column][\/et_pb_row][et_pb_row column_structure=&#8221;1_2,1_2&#8243; _builder_version=&#8221;4.6.1&#8243; _module_preset=&#8221;default&#8221; min_height=&#8221;405.2px&#8221; custom_margin=&#8221;-30px|auto|-25px|auto||&#8221; custom_padding=&#8221;||26px|||&#8221;][et_pb_column type=&#8221;1_2&#8243; _builder_version=&#8221;4.6.1&#8243; _module_preset=&#8221;default&#8221;][et_pb_image src=&#8221;https:\/\/agenciasesnich.cl\/web\/wp-content\/uploads\/2022\/12\/Hilda.jpg&#8221; _builder_version=&#8221;4.9.7&#8243; _module_preset=&#8221;default&#8221; title_text=&#8221;Hilda&#8221; hover_enabled=&#8221;0&#8243; sticky_enabled=&#8221;0&#8243;][\/et_pb_image][\/et_pb_column][et_pb_column type=&#8221;1_2&#8243; _builder_version=&#8221;4.6.1&#8243; _module_preset=&#8221;default&#8221;][et_pb_text _builder_version=&#8221;4.9.7&#8243; _module_preset=&#8221;default&#8221; text_font=&#8221;Hind||||||||&#8221; text_text_color=&#8221;#3d425f&#8221; hover_enabled=&#8221;0&#8243; sticky_enabled=&#8221;0&#8243;]<\/p>\n<h2 style=\"text-align: center;\"><strong>Donaciones Navide\u00f1as<\/strong><\/h2>\n<p>[\/et_pb_text][et_pb_text _builder_version=&#8221;4.9.7&#8243; _module_preset=&#8221;default&#8221; text_font=&#8221;Hind||||||||&#8221; min_height=&#8221;324.8px&#8221;]<\/p>\n<p>21\/12\/2022 &#8211; IQUIQUE<\/p>\n<p style=\"text-align: justify;\"><span>Agencia Sesnich se hace presente en la regi\u00f3n de Tarapac\u00e1 a trav\u00e9s de sus donaciones anuales a diversos grupos, entre el cual se encuentra Sra Hilda Flores Valdes, Responsable de Grupo de Gu\u00edas y Scouts Academia Mafeking.<\/span><\/p>\n<p style=\"text-align: justify;\"><span><\/span><\/p>\n<p style=\"text-align: justify;\"><span><a class=\"link\" href=\"https:\/\/www.linkedin.com\/signup\/cold-join?session_redirect=https%3A%2F%2Fwww.linkedin.com%2Ffeed%2Fhashtag%2Fagenciasesnich&amp;trk=public_post-text\" target=\"_self\" data-tracking-control-name=\"public_post-text\" data-tracking-will-navigate=\"\" rel=\"noopener\">#AgenciaSesnich<\/a> <a class=\"link\" href=\"https:\/\/www.linkedin.com\/signup\/cold-join?session_redirect=https%3A%2F%2Fwww.linkedin.com%2Ffeed%2Fhashtag%2Fnavidad&amp;trk=public_post-text\" target=\"_self\" data-tracking-control-name=\"public_post-text\" data-tracking-will-navigate=\"\" rel=\"noopener\">#Navidad<\/a> <a class=\"link\" href=\"https:\/\/www.linkedin.com\/signup\/cold-join?session_redirect=https%3A%2F%2Fwww.linkedin.com%2Ffeed%2Fhashtag%2FtarapacAer&amp;trk=public_post-text\" target=\"_self\" data-tracking-control-name=\"public_post-text\" data-tracking-will-navigate=\"\" rel=\"noopener\">#Tarapac\u00e1<\/a> <a class=\"link\" href=\"https:\/\/www.linkedin.com\/signup\/cold-join?session_redirect=https%3A%2F%2Fwww.linkedin.com%2Ffeed%2Fhashtag%2Fcomunidad&amp;trk=public_post-text\" target=\"_self\" data-tracking-control-name=\"public_post-text\" data-tracking-will-navigate=\"\" rel=\"noopener\">#Comunidad<\/a> <a class=\"link\" href=\"https:\/\/www.linkedin.com\/signup\/cold-join?session_redirect=https%3A%2F%2Fwww.linkedin.com%2Ffeed%2Fhashtag%2Fchile&amp;trk=public_post-text\" target=\"_self\" data-tracking-control-name=\"public_post-text\" data-tracking-will-navigate=\"\" rel=\"noopener\">#Chile<\/a> <a class=\"link\" href=\"https:\/\/www.linkedin.com\/signup\/cold-join?session_redirect=https%3A%2F%2Fwww.linkedin.com%2Ffeed%2Fhashtag%2Fiquique&amp;trk=public_post-text\" target=\"_self\" data-tracking-control-name=\"public_post-text\" data-tracking-will-navigate=\"\" rel=\"noopener\">#Iquique<\/a><\/span><\/p>\n<p style=\"text-align: justify;\"><span><\/span><\/p>\n<p style=\"text-align: justify;\"><span><\/span><\/p>\n<p style=\"text-align: justify;\"><span><\/span><\/p>\n<p style=\"text-align: justify;\"><span><\/span><\/p>\n<p style=\"text-align: justify;\"><span><\/span><\/p>\n<p style=\"text-align: justify;\"><span><\/span><\/p>\n<p style=\"text-align: justify;\"><span><\/span><\/p>\n<p style=\"text-align: justify;\">\n<p>[\/et_pb_text][\/et_pb_column][\/et_pb_row][et_pb_row column_structure=&#8221;1_2,1_2&#8243; _builder_version=&#8221;4.6.1&#8243; _module_preset=&#8221;default&#8221; min_height=&#8221;405.2px&#8221; custom_margin=&#8221;-30px|auto|-25px|auto||&#8221; custom_padding=&#8221;||26px|||&#8221;][et_pb_column type=&#8221;1_2&#8243; _builder_version=&#8221;4.6.1&#8243; _module_preset=&#8221;default&#8221;][et_pb_image src=&#8221;https:\/\/agenciasesnich.cl\/web\/wp-content\/uploads\/2022\/12\/Olga.jpg&#8221; _builder_version=&#8221;4.9.7&#8243; _module_preset=&#8221;default&#8221; title_text=&#8221;Olga&#8221; hover_enabled=&#8221;0&#8243; sticky_enabled=&#8221;0&#8243;][\/et_pb_image][\/et_pb_column][et_pb_column type=&#8221;1_2&#8243; _builder_version=&#8221;4.6.1&#8243; _module_preset=&#8221;default&#8221;][et_pb_text _builder_version=&#8221;4.9.7&#8243; _module_preset=&#8221;default&#8221; text_font=&#8221;Hind||||||||&#8221; text_text_color=&#8221;#3d425f&#8221; hover_enabled=&#8221;0&#8243; sticky_enabled=&#8221;0&#8243;]<\/p>\n<h2 style=\"text-align: center;\"><strong>Donaciones Navide\u00f1as<\/strong><\/h2>\n<p>[\/et_pb_text][et_pb_text _builder_version=&#8221;4.9.7&#8243; _module_preset=&#8221;default&#8221; text_font=&#8221;Hind||||||||&#8221; min_height=&#8221;324.8px&#8221;]<\/p>\n<p>21\/12\/2022 &#8211; IQUIQUE<\/p>\n<p style=\"text-align: justify;\"><span>Agencia Sesnich se hace presente en la regi\u00f3n de Tarapac\u00e1 a trav\u00e9s de sus donaciones anuales a diversos grupos, entre el cual se encuentra Sra. Olga Perez Silva, Presidenta Comit\u00e9 de Vivienda Laura Vicu\u00f1a<\/span><\/p>\n<p style=\"text-align: justify;\"><span><\/span><\/p>\n<p style=\"text-align: justify;\"><span><a class=\"link\" href=\"https:\/\/www.linkedin.com\/signup\/cold-join?session_redirect=https%3A%2F%2Fwww.linkedin.com%2Ffeed%2Fhashtag%2Fagenciasesnich&amp;trk=public_post-text\" target=\"_self\" data-tracking-control-name=\"public_post-text\" data-tracking-will-navigate=\"\" rel=\"noopener\">#AgenciaSesnich<\/a> <a class=\"link\" href=\"https:\/\/www.linkedin.com\/signup\/cold-join?session_redirect=https%3A%2F%2Fwww.linkedin.com%2Ffeed%2Fhashtag%2Fnavidad&amp;trk=public_post-text\" target=\"_self\" data-tracking-control-name=\"public_post-text\" data-tracking-will-navigate=\"\" rel=\"noopener\">#Navidad<\/a> <a class=\"link\" href=\"https:\/\/www.linkedin.com\/signup\/cold-join?session_redirect=https%3A%2F%2Fwww.linkedin.com%2Ffeed%2Fhashtag%2FtarapacAer&amp;trk=public_post-text\" target=\"_self\" data-tracking-control-name=\"public_post-text\" data-tracking-will-navigate=\"\" rel=\"noopener\">#Tarapac\u00e1<\/a> <a class=\"link\" href=\"https:\/\/www.linkedin.com\/signup\/cold-join?session_redirect=https%3A%2F%2Fwww.linkedin.com%2Ffeed%2Fhashtag%2Fcomunidad&amp;trk=public_post-text\" target=\"_self\" data-tracking-control-name=\"public_post-text\" data-tracking-will-navigate=\"\" rel=\"noopener\">#Comunidad<\/a> <a class=\"link\" href=\"https:\/\/www.linkedin.com\/signup\/cold-join?session_redirect=https%3A%2F%2Fwww.linkedin.com%2Ffeed%2Fhashtag%2Fchile&amp;trk=public_post-text\" target=\"_self\" data-tracking-control-name=\"public_post-text\" data-tracking-will-navigate=\"\" rel=\"noopener\">#Chile<\/a> <a class=\"link\" href=\"https:\/\/www.linkedin.com\/signup\/cold-join?session_redirect=https%3A%2F%2Fwww.linkedin.com%2Ffeed%2Fhashtag%2Fiquique&amp;trk=public_post-text\" target=\"_self\" data-tracking-control-name=\"public_post-text\" data-tracking-will-navigate=\"\" rel=\"noopener\">#Iquique<\/a><\/span><\/p>\n<p style=\"text-align: justify;\"><span><\/span><\/p>\n<p style=\"text-align: justify;\"><span><\/span><\/p>\n<p style=\"text-align: justify;\"><span><\/span><\/p>\n<p style=\"text-align: justify;\"><span><\/span><\/p>\n<p style=\"text-align: justify;\"><span><\/span><\/p>\n<p style=\"text-align: justify;\"><span><\/span><\/p>\n<p style=\"text-align: justify;\"><span><\/span><\/p>\n<p style=\"text-align: justify;\">\n<p>[\/et_pb_text][\/et_pb_column][\/et_pb_row][et_pb_row column_structure=&#8221;1_2,1_2&#8243; _builder_version=&#8221;4.6.1&#8243; _module_preset=&#8221;default&#8221; min_height=&#8221;405.2px&#8221; custom_margin=&#8221;-30px|auto|-25px|auto||&#8221; custom_padding=&#8221;||26px|||&#8221;][et_pb_column type=&#8221;1_2&#8243; _builder_version=&#8221;4.6.1&#8243; _module_preset=&#8221;default&#8221;][et_pb_image src=&#8221;https:\/\/agenciasesnich.cl\/web\/wp-content\/uploads\/2022\/12\/Martina-Rocha.jpg&#8221; _builder_version=&#8221;4.9.7&#8243; _module_preset=&#8221;default&#8221; title_text=&#8221;Martina Rocha&#8221; hover_enabled=&#8221;0&#8243; sticky_enabled=&#8221;0&#8243;][\/et_pb_image][\/et_pb_column][et_pb_column type=&#8221;1_2&#8243; _builder_version=&#8221;4.6.1&#8243; _module_preset=&#8221;default&#8221;][et_pb_text _builder_version=&#8221;4.9.7&#8243; _module_preset=&#8221;default&#8221; text_font=&#8221;Hind||||||||&#8221; text_text_color=&#8221;#3d425f&#8221; hover_enabled=&#8221;0&#8243; sticky_enabled=&#8221;0&#8243;]<\/p>\n<h2 style=\"text-align: center;\"><strong>Donaciones Navide\u00f1as<\/strong><\/h2>\n<p>[\/et_pb_text][et_pb_text _builder_version=&#8221;4.9.7&#8243; _module_preset=&#8221;default&#8221; text_font=&#8221;Hind||||||||&#8221; min_height=&#8221;324.8px&#8221;]<\/p>\n<p>21\/12\/2022 &#8211; IQUIQUE<\/p>\n<p style=\"text-align: justify;\"><span>Agencia Sesnich se hace presente en la regi\u00f3n de Tarapac\u00e1 a trav\u00e9s de sus donaciones anuales a diversos grupos, entre el cual se encuentra Sra. Martina Rocha Carrasco, Presidenta Agrupaci\u00f3n de Mujeres MRC.<\/span><\/p>\n<p style=\"text-align: justify;\"><span><\/span><\/p>\n<p style=\"text-align: justify;\"><span><a class=\"link\" href=\"https:\/\/www.linkedin.com\/signup\/cold-join?session_redirect=https%3A%2F%2Fwww.linkedin.com%2Ffeed%2Fhashtag%2Fagenciasesnich&amp;trk=public_post-text\" target=\"_self\" data-tracking-control-name=\"public_post-text\" data-tracking-will-navigate=\"\" rel=\"noopener\">#AgenciaSesnich<\/a> <a class=\"link\" href=\"https:\/\/www.linkedin.com\/signup\/cold-join?session_redirect=https%3A%2F%2Fwww.linkedin.com%2Ffeed%2Fhashtag%2Fnavidad&amp;trk=public_post-text\" target=\"_self\" data-tracking-control-name=\"public_post-text\" data-tracking-will-navigate=\"\" rel=\"noopener\">#Navidad<\/a> <a class=\"link\" href=\"https:\/\/www.linkedin.com\/signup\/cold-join?session_redirect=https%3A%2F%2Fwww.linkedin.com%2Ffeed%2Fhashtag%2FtarapacAer&amp;trk=public_post-text\" target=\"_self\" data-tracking-control-name=\"public_post-text\" data-tracking-will-navigate=\"\" rel=\"noopener\">#Tarapac\u00e1<\/a> <a class=\"link\" href=\"https:\/\/www.linkedin.com\/signup\/cold-join?session_redirect=https%3A%2F%2Fwww.linkedin.com%2Ffeed%2Fhashtag%2Fcomunidad&amp;trk=public_post-text\" target=\"_self\" data-tracking-control-name=\"public_post-text\" data-tracking-will-navigate=\"\" rel=\"noopener\">#Comunidad<\/a> <a class=\"link\" href=\"https:\/\/www.linkedin.com\/signup\/cold-join?session_redirect=https%3A%2F%2Fwww.linkedin.com%2Ffeed%2Fhashtag%2Fchile&amp;trk=public_post-text\" target=\"_self\" data-tracking-control-name=\"public_post-text\" data-tracking-will-navigate=\"\" rel=\"noopener\">#Chile<\/a> <a class=\"link\" href=\"https:\/\/www.linkedin.com\/signup\/cold-join?session_redirect=https%3A%2F%2Fwww.linkedin.com%2Ffeed%2Fhashtag%2Fiquique&amp;trk=public_post-text\" target=\"_self\" data-tracking-control-name=\"public_post-text\" data-tracking-will-navigate=\"\" rel=\"noopener\">#Iquique<\/a><\/span><\/p>\n<p style=\"text-align: justify;\"><span><\/span><\/p>\n<p style=\"text-align: justify;\"><span><\/span><\/p>\n<p style=\"text-align: justify;\"><span><\/span><\/p>\n<p style=\"text-align: justify;\"><span><\/span><\/p>\n<p style=\"text-align: justify;\"><span><\/span><\/p>\n<p style=\"text-align: justify;\"><span><\/span><\/p>\n<p style=\"text-align: justify;\"><span><\/span><\/p>\n<p style=\"text-align: justify;\">\n<p>[\/et_pb_text][\/et_pb_column][\/et_pb_row][et_pb_row column_structure=&#8221;1_2,1_2&#8243; _builder_version=&#8221;4.6.1&#8243; _module_preset=&#8221;default&#8221; min_height=&#8221;405.2px&#8221; custom_margin=&#8221;-30px|auto|-25px|auto||&#8221; custom_padding=&#8221;||40px|||&#8221;][et_pb_column type=&#8221;1_2&#8243; _builder_version=&#8221;4.6.1&#8243; _module_preset=&#8221;default&#8221;][et_pb_slider _builder_version=&#8221;4.9.7&#8243; _module_preset=&#8221;default&#8221; use_background_color_gradient=&#8221;on&#8221; background_image=&#8221;https:\/\/agenciasesnich.cl\/web\/wp-content\/uploads\/2021\/08\/Patitas-3.png&#8221; min_height=&#8221;374.7px&#8221; custom_margin=&#8221;||-91px|||&#8221; auto=&#8221;on&#8221;][et_pb_slide _builder_version=&#8221;4.9.7&#8243; _module_preset=&#8221;default&#8221; sticky_transition=&#8221;on&#8221;][\/et_pb_slide][\/et_pb_slider][\/et_pb_column][et_pb_column type=&#8221;1_2&#8243; _builder_version=&#8221;4.6.1&#8243; _module_preset=&#8221;default&#8221;][et_pb_text _builder_version=&#8221;4.9.7&#8243; _module_preset=&#8221;default&#8221; text_font=&#8221;Hind||||||||&#8221; text_text_color=&#8221;#3d425f&#8221;]<\/p>\n<h2 style=\"text-align: center;\"><strong>Fundaci\u00f3n Patitas del Desierto<\/strong><\/h2>\n<p>[\/et_pb_text][et_pb_text _builder_version=&#8221;4.9.7&#8243; _module_preset=&#8221;default&#8221; text_font=&#8221;Hind||||||||&#8221;]<\/p>\n<p>23\/07\/2021 &#8211; IQUIQUE<\/p>\n<p style=\"text-align: justify;\">Patricio Sesnich Stewart visit\u00f3 las dependencias de la Fundaci\u00f3n Patitas del Desierto ubicadas en Alto Hospicio a compartir con los voluntarios y animales rescatados.<\/p>\n<p style=\"text-align: justify;\">Esta visita es parte del apoyo que Agencia Sesnich entrega a Patitas del Desierto con la comunidad canina de la regi\u00f3n, generando consciencia acerca de la situaci\u00f3n de los perros abandonados que durante esta crisis sanitaria.<\/p>\n<p style=\"text-align: justify;\">Agradecemos poder ser parte y apoyar la bella labor de rescate, cuidado y protecci\u00f3n animal que realiza la organizaci\u00f3n en la regi\u00f3n de Tarapac\u00e1 desde el a\u00f1o 2017.<\/p>\n<p style=\"text-align: justify;\">\n<p>[\/et_pb_text][\/et_pb_column][\/et_pb_row][et_pb_row column_structure=&#8221;1_2,1_2&#8243; _builder_version=&#8221;4.6.1&#8243; _module_preset=&#8221;default&#8221; min_height=&#8221;403.8px&#8221; custom_padding=&#8221;||40px|||&#8221;][et_pb_column type=&#8221;1_2&#8243; _builder_version=&#8221;4.6.1&#8243; _module_preset=&#8221;default&#8221;][et_pb_slider _builder_version=&#8221;4.9.7&#8243; _module_preset=&#8221;default&#8221; use_background_color_gradient=&#8221;on&#8221; background_image=&#8221;https:\/\/agenciasesnich.cl\/web\/wp-content\/uploads\/2021\/08\/Imagen5.png&#8221; min_height=&#8221;374.7px&#8221; custom_margin=&#8221;||-91px|||&#8221; auto=&#8221;on&#8221;][et_pb_slide _builder_version=&#8221;4.9.7&#8243; _module_preset=&#8221;default&#8221; sticky_transition=&#8221;on&#8221;][\/et_pb_slide][\/et_pb_slider][\/et_pb_column][et_pb_column type=&#8221;1_2&#8243; _builder_version=&#8221;4.6.1&#8243; _module_preset=&#8221;default&#8221;][et_pb_text _builder_version=&#8221;4.9.7&#8243; _module_preset=&#8221;default&#8221; text_font=&#8221;Hind||||||||&#8221; text_text_color=&#8221;#3d425f&#8221;]<\/p>\n<h2 style=\"text-align: center;\"><strong>Fundaci\u00f3n SOS Peludos Tarapac\u00e1<\/strong><\/h2>\n<p>[\/et_pb_text][et_pb_text _builder_version=&#8221;4.9.7&#8243; _module_preset=&#8221;default&#8221; text_font=&#8221;Hind||||||||&#8221;]<\/p>\n<p>24\/07\/2021 &#8211; IQUIQUE<\/p>\n<p style=\"text-align: justify;\">Patricio Sesnich Stewart visit\u00f3 este domingo 24 de Julio del 2021 a voluntarios de fundaci\u00f3n SOS Peludos Tarapac\u00e1 durante jornada de vacunaci\u00f3n.<\/p>\n<p style=\"text-align: justify;\">Esta visita es parte del apoyo que Agencia de Aduanas Sesnich proporciona a esta fundaci\u00f3n y a su labor con la comunidad canina de la regi\u00f3n.<\/p>\n<p style=\"text-align: justify;\">SOS Peludos Tarapac\u00e1 es una organizaci\u00f3n fundada en el a\u00f1o 2020, en la regi\u00f3n de Tarapac\u00e1, cuya misi\u00f3n es rescatar, rehabilitar, esterilizar y reubicar animales en situaci\u00f3n de calle.<\/p>\n<p style=\"text-align: justify;\">[\/et_pb_text][\/et_pb_column][\/et_pb_row][et_pb_row column_structure=&#8221;1_2,1_2&#8243; _builder_version=&#8221;4.6.1&#8243; _module_preset=&#8221;default&#8221; min_height=&#8221;475.6px&#8221; custom_padding=&#8221;||18px|||&#8221;][et_pb_column type=&#8221;1_2&#8243; _builder_version=&#8221;4.6.1&#8243; _module_preset=&#8221;default&#8221;][et_pb_slider _builder_version=&#8221;4.6.1&#8243; _module_preset=&#8221;default&#8221; background_image=&#8221;https:\/\/tymsi.com\/as\/wp-content\/uploads\/2020\/09\/3-1024&#215;494-1-1.png&#8221; min_height=&#8221;408.6px&#8221; auto=&#8221;on&#8221;][et_pb_slide _builder_version=&#8221;4.6.1&#8243; _module_preset=&#8221;default&#8221; background_image=&#8221;https:\/\/agenciasesnich.cl\/web\/wp-content\/uploads\/2020\/09\/3-1-1024&#215;768-1.png&#8221; background_enable_image=&#8221;on&#8221; sticky_transition=&#8221;on&#8221;][\/et_pb_slide][et_pb_slide _builder_version=&#8221;4.6.1&#8243; _module_preset=&#8221;default&#8221; background_image=&#8221;https:\/\/agenciasesnich.cl\/web\/wp-content\/uploads\/2020\/09\/1-1-1024&#215;768-1.png&#8221; background_enable_image=&#8221;on&#8221; sticky_transition=&#8221;on&#8221;][\/et_pb_slide][et_pb_slide _builder_version=&#8221;4.6.1&#8243; _module_preset=&#8221;default&#8221; background_image=&#8221;https:\/\/agenciasesnich.cl\/web\/wp-content\/uploads\/2020\/09\/2-1-1024&#215;768-1.png&#8221; background_enable_image=&#8221;on&#8221; sticky_transition=&#8221;on&#8221;]<\/p>\n<p>&nbsp;<\/p>\n<p>&nbsp;<\/p>\n<p>&nbsp;<\/p>\n<p>&nbsp;<\/p>\n<p>&nbsp;<\/p>\n<p>&nbsp;<\/p>\n<p>&nbsp;<\/p>\n<p>[\/et_pb_slide][\/et_pb_slider][\/et_pb_column][et_pb_column type=&#8221;1_2&#8243; _builder_version=&#8221;4.6.1&#8243; _module_preset=&#8221;default&#8221;][et_pb_text _builder_version=&#8221;4.6.1&#8243; _module_preset=&#8221;default&#8221; text_font=&#8221;Hind||||||||&#8221; text_text_color=&#8221;#3d425f&#8221;]<\/p>\n<h2 style=\"text-align: center;\"><strong>Fundaci\u00f3n Patitas del Desierto<\/strong><\/h2>\n<p>[\/et_pb_text][et_pb_text _builder_version=&#8221;4.6.1&#8243; _module_preset=&#8221;default&#8221; text_font=&#8221;Hind||||||||&#8221;]<\/p>\n<p style=\"text-align: justify;\"><strong>15\/08\/2020 &#8211; Iquique<\/strong><\/p>\n<p style=\"text-align: justify;\">Agencia de Aduanas Patricio Sesnich, en su constante labor de apoyo a la comunidad canina de la regi\u00f3n de Tarapac\u00e1, dona mensualmente una importante cantidad de comida y materiales necesarios para la construcci\u00f3n de caniles a\u00a0 la \u201cFundaci\u00f3n Loreto Patitas del Desierto\u201d.<\/p>\n<p style=\"text-align: justify;\">Estos aportes son parte de un programa de apoyo\u00a0 a la fundaci\u00f3n, con el fin de generar recursos para la atenci\u00f3n de perros en estado de abandono y con graves lesiones y enfermedades producto de su abandono o maltrato. La Agencia busca generar conciencia acerca de la situaci\u00f3n de los perros abandonados, los que durante esta crisis sanitaria han quedado en total desamparo.<\/p>\n<p style=\"text-align: justify;\">Nos alegra ser parte de esta labor de rescate, cuidado y protecci\u00f3n animal que realiza la organizaci\u00f3n en la regi\u00f3n de Tarapac\u00e1 desde el a\u00f1o 2017.<\/p>\n<p>[\/et_pb_text][\/et_pb_column][\/et_pb_row][et_pb_row column_structure=&#8221;1_2,1_2&#8243; _builder_version=&#8221;4.6.1&#8243; _module_preset=&#8221;default&#8221; min_height=&#8221;394.6px&#8221; custom_margin=&#8221;-31px|auto||auto||&#8221; custom_padding=&#8221;24px|||||&#8221;][et_pb_column type=&#8221;1_2&#8243; _builder_version=&#8221;4.6.1&#8243; _module_preset=&#8221;default&#8221;][et_pb_slider _builder_version=&#8221;4.6.1&#8243; _module_preset=&#8221;default&#8221; background_image=&#8221;https:\/\/tymsi.com\/as\/wp-content\/uploads\/2020\/09\/3-1024&#215;494-1-1.png&#8221; auto=&#8221;on&#8221;][et_pb_slide _builder_version=&#8221;4.6.1&#8243; _module_preset=&#8221;default&#8221; background_image=&#8221;https:\/\/agenciasesnich.cl\/web\/wp-content\/uploads\/2020\/09\/3-1024&#215;494-1-1.png&#8221; background_enable_image=&#8221;on&#8221; sticky_transition=&#8221;on&#8221;][\/et_pb_slide][et_pb_slide _builder_version=&#8221;4.6.1&#8243; _module_preset=&#8221;default&#8221; background_image=&#8221;https:\/\/agenciasesnich.cl\/web\/wp-content\/uploads\/2020\/09\/2-1024&#215;494-1.png&#8221; background_enable_image=&#8221;on&#8221; sticky_transition=&#8221;on&#8221;][\/et_pb_slide][et_pb_slide _builder_version=&#8221;4.6.1&#8243; _module_preset=&#8221;default&#8221; background_image=&#8221;https:\/\/agenciasesnich.cl\/web\/wp-content\/uploads\/2020\/09\/1-1024&#215;768-1.png&#8221; background_enable_image=&#8221;on&#8221; sticky_transition=&#8221;on&#8221;]<\/p>\n<p>&nbsp;<\/p>\n<p>&nbsp;<\/p>\n<p>&nbsp;<\/p>\n<p>&nbsp;<\/p>\n<p>&nbsp;<\/p>\n<p>&nbsp;<\/p>\n<p>&nbsp;<\/p>\n<p>[\/et_pb_slide][\/et_pb_slider][\/et_pb_column][et_pb_column type=&#8221;1_2&#8243; _builder_version=&#8221;4.6.1&#8243; _module_preset=&#8221;default&#8221;][et_pb_text _builder_version=&#8221;4.6.1&#8243; _module_preset=&#8221;default&#8221; text_font=&#8221;Hind||||||||&#8221; text_text_color=&#8221;#3d425f&#8221;]<\/p>\n<h2 style=\"text-align: center;\"><strong>Comedor MINK\u2019A<\/strong><strong><br \/> <\/strong><\/h2>\n<p>[\/et_pb_text][et_pb_text _builder_version=&#8221;4.6.1&#8243; _module_preset=&#8221;default&#8221; text_font=&#8221;Hind||||||||&#8221;]<\/p>\n<p style=\"text-align: justify;\"><strong>07\/07\/2020 &#8211; Alto Hospicio<\/strong><\/p>\n<p style=\"text-align: justify;\">Agencia de Aduanas Patricio Sesnich, ha dispuesto la donaci\u00f3n de vestuario de abrigo, materiales de construcci\u00f3n y otros aportes peri\u00f3dicos al \u201cComedor MINK\u2019A\u201d, ubicado en la comuna de Alto Hospicio, sector Toma La Pampa.<\/p>\n<p style=\"text-align: justify;\">En coordinaci\u00f3n con la agrupaci\u00f3n \u201cMINK\u2019A\u201d y colaboradores de nuestra empresa, se ha logrado apoyar a \u00a0300 familias con abrigo y comida, en colaboraci\u00f3n con la labor que efect\u00faa esta agrupaci\u00f3n, la que da soporte a familias afectadas por la crisis sanitaria que ha sacudido al pa\u00eds.<\/p>\n<p style=\"text-align: justify;\">Nuestra labor con la comunidad la hemos dirigido a grupos de alto riesgo de la comuna de Alto Hospicio.<\/p>\n<p>[\/et_pb_text][\/et_pb_column][\/et_pb_row][et_pb_row column_structure=&#8221;1_2,1_2&#8243; _builder_version=&#8221;4.6.1&#8243; _module_preset=&#8221;default&#8221; min_height=&#8221;77.6px&#8221; custom_margin=&#8221;-31px|auto||auto||&#8221; custom_padding=&#8221;24px|||||&#8221;][et_pb_column type=&#8221;1_2&#8243; _builder_version=&#8221;4.6.1&#8243; _module_preset=&#8221;default&#8221;][et_pb_image src=&#8221;https:\/\/agenciasesnich.cl\/web\/wp-content\/uploads\/2022\/06\/olla.jpg&#8221; title_text=&#8221;olla&#8221; _builder_version=&#8221;4.9.7&#8243; _module_preset=&#8221;default&#8221;][\/et_pb_image][\/et_pb_column][et_pb_column type=&#8221;1_2&#8243; _builder_version=&#8221;4.6.1&#8243; _module_preset=&#8221;default&#8221;][et_pb_text _builder_version=&#8221;4.9.7&#8243; _module_preset=&#8221;default&#8221; text_font=&#8221;Hind||||||||&#8221; text_text_color=&#8221;#3d425f&#8221;]<\/p>\n<h2 style=\"text-align: center;\"><strong><span>Olla com\u00fan MINK&#8217;A<\/span><\/strong><\/h2>\n<p>[\/et_pb_text][et_pb_text _builder_version=&#8221;4.6.1&#8243; _module_preset=&#8221;default&#8221; text_font=&#8221;Hind||||||||&#8221;]<\/p>\n<p style=\"text-align: justify;\"><strong>16\/06\/2022 &#8211; Alto Hospicio<\/strong><\/p>\n<p style=\"text-align: justify;\"><span>Agencia de Aduana Sesnich en su compromiso con la comunidad y la regi\u00f3n de Tarapac\u00e1, comparte reconocimiento entregado por la &#8220;Olla com\u00fan MINK&#8217;A&#8221; ubicada en toma de &#8220;La Pampa&#8221;, organizaci\u00f3n apoyada desde el a\u00f1o 2020.<\/span><\/p>\n<p><a href=\"https:\/\/www.linkedin.com\/feed\/hashtag\/?keywords=agenciasesnich&amp;highlightedUpdateUrns=urn%3Ali%3Aactivity%3A6943262352905494528\" data-attribute-index=\"0\">#AgenciaSesnich<\/a><span>\u00a0<\/span><a href=\"https:\/\/www.linkedin.com\/feed\/hashtag\/?keywords=chile&amp;highlightedUpdateUrns=urn%3Ali%3Aactivity%3A6943262352905494528\" data-attribute-index=\"1\">#Chile<\/a><\/p>\n<p><a href=\"https:\/\/www.linkedin.com\/feed\/update\/urn:li:activity:6943262352905494528\/\">https:\/\/www.linkedin.com\/feed\/update\/urn:li:activity:6943262352905494528\/<\/a><\/p>\n<p>&nbsp;<\/p>\n<p>&nbsp;<\/p>\n<p>&nbsp;<\/p>\n<p>[\/et_pb_text][\/et_pb_column][\/et_pb_row][\/et_pb_section]<\/p>\n","protected":false},"excerpt":{"rendered":"<p>[et_pb_section fb_built=&#8221;1&#8243; _builder_version=&#8221;4.6.1&#8243; _module_preset=&#8221;default&#8221;][et_pb_row _builder_version=&#8221;4.6.1&#8243; _module_preset=&#8221;default&#8221;][et_pb_column type=&#8221;4_4&#8243; _builder_version=&#8221;4.6.1&#8243; _module_preset=&#8221;default&#8221;][et_pb_text _builder_version=&#8221;4.6.1&#8243; _module_preset=&#8221;default&#8221; text_font=&#8221;Hind|700|||||||&#8221; text_text_color=&#8221;#3d425f&#8221; text_font_size=&#8221;42px&#8221;] Comunidad [\/et_pb_text][\/et_pb_column][\/et_pb_row][et_pb_row _builder_version=&#8221;4.6.1&#8243; _module_preset=&#8221;default&#8221; custom_padding=&#8221;||0px|||&#8221;][et_pb_column type=&#8221;4_4&#8243; _builder_version=&#8221;4.6.1&#8243; _module_preset=&#8221;default&#8221;][et_pb_divider divider_weight=&#8221;10px&#8221; _builder_version=&#8221;4.6.1&#8243; _module_preset=&#8221;default&#8221; custom_margin=&#8221;-28px|||||&#8221;][\/et_pb_divider][\/et_pb_column][\/et_pb_row][et_pb_row column_structure=&#8221;1_2,1_2&#8243; _builder_version=&#8221;4.6.1&#8243; _module_preset=&#8221;default&#8221; min_height=&#8221;405.2px&#8221; custom_margin=&#8221;-30px|auto|-25px|auto||&#8221; custom_padding=&#8221;||26px|||&#8221;][et_pb_column type=&#8221;1_2&#8243; _builder_version=&#8221;4.6.1&#8243; _module_preset=&#8221;default&#8221;][et_pb_image src=&#8221;https:\/\/agenciasesnich.cl\/web\/wp-content\/uploads\/2022\/12\/Hilda.jpg&#8221; _builder_version=&#8221;4.9.7&#8243; _module_preset=&#8221;default&#8221; title_text=&#8221;Hilda&#8221; hover_enabled=&#8221;0&#8243; sticky_enabled=&#8221;0&#8243;][\/et_pb_image][\/et_pb_column][et_pb_column type=&#8221;1_2&#8243; _builder_version=&#8221;4.6.1&#8243; _module_preset=&#8221;default&#8221;][et_pb_text _builder_version=&#8221;4.9.7&#8243; _module_preset=&#8221;default&#8221; text_font=&#8221;Hind||||||||&#8221; text_text_color=&#8221;#3d425f&#8221; hover_enabled=&#8221;0&#8243; sticky_enabled=&#8221;0&#8243;] Donaciones Navide\u00f1as [\/et_pb_text][et_pb_text _builder_version=&#8221;4.9.7&#8243; _module_preset=&#8221;default&#8221; [&hellip;]<\/p>\n","protected":false},"author":1,"featured_media":0,"parent":0,"menu_order":0,"comment_status":"closed","ping_status":"closed","template":"","meta":{"_et_pb_use_builder":"on","_et_pb_old_content":"","_et_gb_content_width":""},"_links":{"self":[{"href":"https:\/\/agenciasesnich.cl\/web\/wp-json\/wp\/v2\/pages\/22"}],"collection":[{"href":"https:\/\/agenciasesnich.cl\/web\/wp-json\/wp\/v2\/pages"}],"about":[{"href":"https:\/\/agenciasesnich.cl\/web\/wp-json\/wp\/v2\/types\/page"}],"author":[{"embeddable":true,"href":"https:\/\/agenciasesnich.cl\/web\/wp-json\/wp\/v2\/users\/1"}],"replies":[{"embeddable":true,"href":"https:\/\/agenciasesnich.cl\/web\/wp-json\/wp\/v2\/comments?post=22"}],"version-history":[{"count":34,"href":"https:\/\/agenciasesnich.cl\/web\/wp-json\/wp\/v2\/pages\/22\/revisions"}],"predecessor-version":[{"id":1230,"href":"https:\/\/agenciasesnich.cl\/web\/wp-json\/wp\/v2\/pages\/22\/revisions\/1230"}],"wp:attachment":[{"href":"https:\/\/agenciasesnich.cl\/web\/wp-json\/wp\/v2\/media?parent=22"}],"curies":[{"name":"wp","href":"https:\/\/api.w.org\/{rel}","templated":true}]}}