{"id":82,"date":"2020-09-03T19:12:13","date_gmt":"2020-09-03T19:12:13","guid":{"rendered":"https:\/\/tymsi.com\/as\/?page_id=82"},"modified":"2020-09-25T19:59:56","modified_gmt":"2020-09-25T19:59:56","slug":"servicios","status":"publish","type":"page","link":"https:\/\/agenciasesnich.cl\/web\/servicios\/","title":{"rendered":"Servicios"},"content":{"rendered":"<p>[et_pb_section fb_built=&#8221;1&#8243; _builder_version=&#8221;4.6.0&#8243; _module_preset=&#8221;default&#8221;][et_pb_row _builder_version=&#8221;4.6.0&#8243; _module_preset=&#8221;default&#8221;][et_pb_column type=&#8221;4_4&#8243; _builder_version=&#8221;4.6.0&#8243; _module_preset=&#8221;default&#8221;][et_pb_text _builder_version=&#8221;4.6.1&#8243; _module_preset=&#8221;default&#8221; text_font=&#8221;Hind|700|||||||&#8221; text_text_color=&#8221;#3d425f&#8221; text_font_size=&#8221;42px&#8221;]<\/p>\n<p style=\"text-align: center;\">Servicios<\/p>\n<p>[\/et_pb_text][et_pb_divider divider_weight=&#8221;10px&#8221; _builder_version=&#8221;4.6.0&#8243; _module_preset=&#8221;default&#8221;][\/et_pb_divider][\/et_pb_column][\/et_pb_row][et_pb_row column_structure=&#8221;1_3,1_3,1_3&#8243; _builder_version=&#8221;4.6.1&#8243; _module_preset=&#8221;default&#8221;][et_pb_column type=&#8221;1_3&#8243; _builder_version=&#8221;4.6.1&#8243; _module_preset=&#8221;default&#8221;][et_pb_image src=&#8221;http:\/\/agenciasesnich.cl\/web\/wp-content\/uploads\/2020\/09\/puerto-ITI-2-scaled-1.jpg&#8221; title_text=&#8221;puerto-ITI-2-scaled&#8221; _builder_version=&#8221;4.6.1&#8243; _module_preset=&#8221;default&#8221; hover_enabled=&#8221;0&#8243; sticky_enabled=&#8221;0&#8243;][\/et_pb_image][et_pb_text _builder_version=&#8221;4.6.1&#8243; _module_preset=&#8221;default&#8221; text_font=&#8221;|700|||||||&#8221; text_text_color=&#8221;#3d425f&#8221; text_font_size=&#8221;25px&#8221;]<\/p>\n<p style=\"text-align: center;\">Importaciones<\/p>\n<p>[\/et_pb_text][et_pb_text _builder_version=&#8221;4.6.1&#8243; _module_preset=&#8221;default&#8221; text_font=&#8221;Hind||||||||&#8221; header_font=&#8221;Hind||||||||&#8221;]<\/p>\n<p style=\"text-align: center;\"><span>Tramitaci\u00f3n de importaci\u00f3n de mercanc\u00edas ante aduana. Gesti\u00f3n Admisi\u00f3n temporal, Reingreso, Transbordo, entre otros.<\/span><\/p>\n<p>[\/et_pb_text][\/et_pb_column][et_pb_column type=&#8221;1_3&#8243; _builder_version=&#8221;4.6.1&#8243; _module_preset=&#8221;default&#8221;][et_pb_image src=&#8221;http:\/\/agenciasesnich.cl\/web\/wp-content\/uploads\/2020\/09\/20170816132751-scaled.jpg&#8221; title_text=&#8221;20170816132751&#8243; _builder_version=&#8221;4.6.1&#8243; _module_preset=&#8221;default&#8221; hover_enabled=&#8221;0&#8243; sticky_enabled=&#8221;0&#8243;][\/et_pb_image][et_pb_text _builder_version=&#8221;4.6.1&#8243; _module_preset=&#8221;default&#8221; text_font=&#8221;|700|||||||&#8221; text_text_color=&#8221;#3d425f&#8221; text_font_size=&#8221;25px&#8221;]<\/p>\n<p style=\"text-align: center;\"><span>Exportaciones<\/span><\/p>\n<p>[\/et_pb_text][et_pb_text _builder_version=&#8221;4.6.1&#8243; _module_preset=&#8221;default&#8221; text_font=&#8221;Hind||||||||&#8221; header_font=&#8221;Hind||||||||&#8221;]<\/p>\n<p style=\"text-align: center;\"><span>Tramitaci\u00f3n de exportaci\u00f3n de mercanc\u00edas ante aduana. Gesti\u00f3n de DUS, Salida Temporal, Reexportaci\u00f3n, IVV, entre otros.<\/span><\/p>\n<p>[\/et_pb_text][\/et_pb_column][et_pb_column type=&#8221;1_3&#8243; _builder_version=&#8221;4.6.1&#8243; _module_preset=&#8221;default&#8221;][et_pb_image src=&#8221;http:\/\/agenciasesnich.cl\/web\/wp-content\/uploads\/2020\/09\/1_b3KYGwRDsHF_5eL1cC66pA.jpeg&#8221; title_text=&#8221;1_b3KYGwRDsHF_5eL1cC66pA&#8221; _builder_version=&#8221;4.6.1&#8243; _module_preset=&#8221;default&#8221; hover_enabled=&#8221;0&#8243; sticky_enabled=&#8221;0&#8243;][\/et_pb_image][et_pb_text _builder_version=&#8221;4.6.1&#8243; _module_preset=&#8221;default&#8221; text_font=&#8221;|700|||||||&#8221; text_text_color=&#8221;#3d425f&#8221; text_font_size=&#8221;25px&#8221;]<\/p>\n<p style=\"text-align: center;\">Regla 1 y Exenci\u00f3n del IVA<\/p>\n<p>[\/et_pb_text][et_pb_text _builder_version=&#8221;4.6.1&#8243; _module_preset=&#8221;default&#8221; text_font=&#8221;Hind||||||||&#8221; header_font=&#8221;Hind||||||||&#8221;]<\/p>\n<p style=\"text-align: center;\"><span>Tramitaci\u00f3n de Regla 1 en la importaci\u00f3n de mercanc\u00edas calificadas como Bienes de Capital, rebajando a CERO el arancel aduanero y obteniendo la exenci\u00f3n del 19% del IVA a Proyectos sobre USD$5(M) de inversi\u00f3n.<\/span><\/p>\n<p>[\/et_pb_text][\/et_pb_column][\/et_pb_row][et_pb_row column_structure=&#8221;1_3,1_3,1_3&#8243; _builder_version=&#8221;4.6.1&#8243; _module_preset=&#8221;default&#8221;][et_pb_column type=&#8221;1_3&#8243; _builder_version=&#8221;4.6.1&#8243; _module_preset=&#8221;default&#8221;][et_pb_image src=&#8221;http:\/\/agenciasesnich.cl\/web\/wp-content\/uploads\/2020\/09\/unnamed-2.jpg&#8221; title_text=&#8221;unnamed (2)&#8221; _builder_version=&#8221;4.6.1&#8243; _module_preset=&#8221;default&#8221; hover_enabled=&#8221;0&#8243; sticky_enabled=&#8221;0&#8243;][\/et_pb_image][et_pb_text _builder_version=&#8221;4.6.1&#8243; _module_preset=&#8221;default&#8221; text_font=&#8221;|700|||||||&#8221; text_text_color=&#8221;#3d425f&#8221; text_font_size=&#8221;25px&#8221;]<\/p>\n<p style=\"text-align: center;\">Gesti\u00f3n y Asesoria Integral<\/p>\n<p>[\/et_pb_text][et_pb_text _builder_version=&#8221;4.6.1&#8243; _module_preset=&#8221;default&#8221; text_font=&#8221;Hind||||||||&#8221; header_font=&#8221;Hind||||||||&#8221;]<\/p>\n<p style=\"text-align: center;\"><span>Proporcionamos asesor\u00eda integral a las empresas mandantes durante las operaciones de comercio exterior.<\/span><\/p>\n<p>[\/et_pb_text][\/et_pb_column][et_pb_column type=&#8221;1_3&#8243; _builder_version=&#8221;4.6.1&#8243; _module_preset=&#8221;default&#8221;][et_pb_image src=&#8221;http:\/\/agenciasesnich.cl\/web\/wp-content\/uploads\/2020\/09\/contadores-1.jpg&#8221; title_text=&#8221;contadores-1&#8243; _builder_version=&#8221;4.6.1&#8243; _module_preset=&#8221;default&#8221; hover_enabled=&#8221;0&#8243; sticky_enabled=&#8221;0&#8243;][\/et_pb_image][et_pb_text _builder_version=&#8221;4.6.1&#8243; _module_preset=&#8221;default&#8221; text_font=&#8221;|700|||||||&#8221; text_text_color=&#8221;#3d425f&#8221; text_font_size=&#8221;25px&#8221;]<\/p>\n<p style=\"text-align: center;\"><strong>Gesti\u00f3n de Estado de Pagos<\/strong><\/p>\n<p>[\/et_pb_text][et_pb_text _builder_version=&#8221;4.6.1&#8243; _module_preset=&#8221;default&#8221; text_font=&#8221;Hind||||||||&#8221; header_font=&#8221;Hind||||||||&#8221;]<\/p>\n<p style=\"text-align: center;\"><span>Gesti\u00f3n de la informaci\u00f3n asociada a los gastos inherentes de la operaci\u00f3n mediante EDP mensual.<\/span><\/p>\n<p>[\/et_pb_text][\/et_pb_column][et_pb_column type=&#8221;1_3&#8243; _builder_version=&#8221;4.6.1&#8243; _module_preset=&#8221;default&#8221;][et_pb_image src=&#8221;http:\/\/agenciasesnich.cl\/web\/wp-content\/uploads\/2020\/09\/KPI_CAMIPER_MAESTRI\u0301A_COSTOS.jpg&#8221; title_text=&#8221;KPI_CAMIPER_MAESTRI\u0301A_COSTOS&#8221; _builder_version=&#8221;4.6.1&#8243; _module_preset=&#8221;default&#8221; hover_enabled=&#8221;0&#8243; sticky_enabled=&#8221;0&#8243;][\/et_pb_image][et_pb_text _builder_version=&#8221;4.6.1&#8243; _module_preset=&#8221;default&#8221; text_font=&#8221;|700|||||||&#8221; text_text_color=&#8221;#3d425f&#8221; text_font_size=&#8221;25px&#8221;]<\/p>\n<p style=\"text-align: center;\">KPI<\/p>\n<p>[\/et_pb_text][et_pb_text _builder_version=&#8221;4.6.1&#8243; _module_preset=&#8221;default&#8221; text_font=&#8221;Hind||||||||&#8221; header_font=&#8221;Hind||||||||&#8221;]<\/p>\n<p>Aplicamos para evaluaci\u00f3n de nuestras operaciones indicadores KPI.<\/p>\n<p>[\/et_pb_text][\/et_pb_column][\/et_pb_row][et_pb_row column_structure=&#8221;1_3,1_3,1_3&#8243; _builder_version=&#8221;4.6.1&#8243; _module_preset=&#8221;default&#8221;][et_pb_column type=&#8221;1_3&#8243; _builder_version=&#8221;4.6.1&#8243; _module_preset=&#8221;default&#8221;][et_pb_image src=&#8221;http:\/\/agenciasesnich.cl\/web\/wp-content\/uploads\/2020\/09\/automtizacion-reportes.jpg&#8221; title_text=&#8221;automtizacion-reportes&#8221; _builder_version=&#8221;4.6.1&#8243; _module_preset=&#8221;default&#8221; hover_enabled=&#8221;0&#8243; sticky_enabled=&#8221;0&#8243;][\/et_pb_image][et_pb_text _builder_version=&#8221;4.6.1&#8243; _module_preset=&#8221;default&#8221; text_font=&#8221;|700|||||||&#8221; text_text_color=&#8221;#3d425f&#8221; text_font_size=&#8221;25px&#8221;]<\/p>\n<p style=\"text-align: center;\"><b>Reportabilidad<\/b><\/p>\n<p>[\/et_pb_text][et_pb_text _builder_version=&#8221;4.6.1&#8243; _module_preset=&#8221;default&#8221; text_font=&#8221;Hind||||||||&#8221; header_font=&#8221;Hind||||||||&#8221;]<\/p>\n<p style=\"text-align: center;\"><span>Cumplimiento oportuno con la reportabilidad exigida por nuestros mandantes,\u00a0 apoyandolos con la informaci\u00f3n asociada a sus operaciones.<\/span><\/p>\n<p>[\/et_pb_text][\/et_pb_column][et_pb_column type=&#8221;1_3&#8243; _builder_version=&#8221;4.6.1&#8243; _module_preset=&#8221;default&#8221;][\/et_pb_column][et_pb_column type=&#8221;1_3&#8243; _builder_version=&#8221;4.6.1&#8243; _module_preset=&#8221;default&#8221;][\/et_pb_column][\/et_pb_row][\/et_pb_section]<\/p>\n","protected":false},"excerpt":{"rendered":"<p>[et_pb_section fb_built=&#8221;1&#8243; _builder_version=&#8221;4.6.0&#8243; _module_preset=&#8221;default&#8221;][et_pb_row _builder_version=&#8221;4.6.0&#8243; _module_preset=&#8221;default&#8221;][et_pb_column type=&#8221;4_4&#8243; _builder_version=&#8221;4.6.0&#8243; _module_preset=&#8221;default&#8221;][et_pb_text _builder_version=&#8221;4.6.1&#8243; _module_preset=&#8221;default&#8221; text_font=&#8221;Hind|700|||||||&#8221; text_text_color=&#8221;#3d425f&#8221; text_font_size=&#8221;42px&#8221;] Servicios [\/et_pb_text][et_pb_divider divider_weight=&#8221;10px&#8221; _builder_version=&#8221;4.6.0&#8243; _module_preset=&#8221;default&#8221;][\/et_pb_divider][\/et_pb_column][\/et_pb_row][et_pb_row column_structure=&#8221;1_3,1_3,1_3&#8243; _builder_version=&#8221;4.6.1&#8243; _module_preset=&#8221;default&#8221;][et_pb_column type=&#8221;1_3&#8243; _builder_version=&#8221;4.6.1&#8243; _module_preset=&#8221;default&#8221;][et_pb_image src=&#8221;http:\/\/agenciasesnich.cl\/web\/wp-content\/uploads\/2020\/09\/puerto-ITI-2-scaled-1.jpg&#8221; title_text=&#8221;puerto-ITI-2-scaled&#8221; _builder_version=&#8221;4.6.1&#8243; _module_preset=&#8221;default&#8221; hover_enabled=&#8221;0&#8243; sticky_enabled=&#8221;0&#8243;][\/et_pb_image][et_pb_text _builder_version=&#8221;4.6.1&#8243; _module_preset=&#8221;default&#8221; text_font=&#8221;|700|||||||&#8221; text_text_color=&#8221;#3d425f&#8221; text_font_size=&#8221;25px&#8221;] Importaciones [\/et_pb_text][et_pb_text _builder_version=&#8221;4.6.1&#8243; _module_preset=&#8221;default&#8221; text_font=&#8221;Hind||||||||&#8221; header_font=&#8221;Hind||||||||&#8221;] Tramitaci\u00f3n de importaci\u00f3n de mercanc\u00edas ante aduana. Gesti\u00f3n Admisi\u00f3n temporal, Reingreso, Transbordo, entre [&hellip;]<\/p>\n","protected":false},"author":1,"featured_media":0,"parent":0,"menu_order":0,"comment_status":"closed","ping_status":"closed","template":"","meta":{"_et_pb_use_builder":"on","_et_pb_old_content":"","_et_gb_content_width":""},"_links":{"self":[{"href":"https:\/\/agenciasesnich.cl\/web\/wp-json\/wp\/v2\/pages\/82"}],"collection":[{"href":"https:\/\/agenciasesnich.cl\/web\/wp-json\/wp\/v2\/pages"}],"about":[{"href":"https:\/\/agenciasesnich.cl\/web\/wp-json\/wp\/v2\/types\/page"}],"author":[{"embeddable":true,"href":"https:\/\/agenciasesnich.cl\/web\/wp-json\/wp\/v2\/users\/1"}],"replies":[{"embeddable":true,"href":"https:\/\/agenciasesnich.cl\/web\/wp-json\/wp\/v2\/comments?post=82"}],"version-history":[{"count":6,"href":"https:\/\/agenciasesnich.cl\/web\/wp-json\/wp\/v2\/pages\/82\/revisions"}],"predecessor-version":[{"id":950,"href":"https:\/\/agenciasesnich.cl\/web\/wp-json\/wp\/v2\/pages\/82\/revisions\/950"}],"wp:attachment":[{"href":"https:\/\/agenciasesnich.cl\/web\/wp-json\/wp\/v2\/media?parent=82"}],"curies":[{"name":"wp","href":"https:\/\/api.w.org\/{rel}","templated":true}]}}